{"id":83,"date":"2024-10-22T12:49:46","date_gmt":"2024-10-22T12:49:46","guid":{"rendered":"https:\/\/cea.ghost.uem.mz\/?page_id=83"},"modified":"2024-10-22T12:49:46","modified_gmt":"2024-10-22T12:49:46","slug":"artigos-de-conferencia","status":"publish","type":"page","link":"https:\/\/cea.uem.mz\/index.php\/artigos-de-conferencia\/","title":{"rendered":"Artigos de Confer\u00eancia"},"content":{"rendered":"\t\t<div data-elementor-type=\"wp-page\" data-elementor-id=\"83\" class=\"elementor elementor-83\">\n\t\t\t\t<div class=\"elementor-element elementor-element-b2d3228 e-flex e-con-boxed wpr-particle-no wpr-jarallax-no wpr-parallax-no wpr-sticky-section-no e-con e-parent\" data-id=\"b2d3228\" data-element_type=\"container\">\n\t\t\t\t\t<div class=\"e-con-inner\">\n\t\t\t\t<div class=\"elementor-element elementor-element-0b1d39e elementor-widget elementor-widget-spacer\" data-id=\"0b1d39e\" data-element_type=\"widget\" data-widget_type=\"spacer.default\">\n\t\t\t\t\t\t\t<div class=\"elementor-spacer\">\n\t\t\t<div class=\"elementor-spacer-inner\"><\/div>\n\t\t<\/div>\n\t\t\t\t\t\t<\/div>\n\t\t\t\t\t<\/div>\n\t\t\t\t<\/div>\n\t\t<div class=\"elementor-element elementor-element-2e409f7 e-flex e-con-boxed wpr-particle-no wpr-jarallax-no wpr-parallax-no wpr-sticky-section-no e-con e-parent\" data-id=\"2e409f7\" data-element_type=\"container\">\n\t\t\t\t\t<div class=\"e-con-inner\">\n\t\t\t\t<div class=\"elementor-element elementor-element-3c602f1 elementor-widget elementor-widget-heading\" data-id=\"3c602f1\" data-element_type=\"widget\" data-widget_type=\"heading.default\">\n\t\t\t\t\t<h2 class=\"elementor-heading-title elementor-size-default\">Artigos de Conferencia<\/h2>\t\t\t\t<\/div>\n\t\t\t\t\t<\/div>\n\t\t\t\t<\/div>\n\t\t<div class=\"elementor-element elementor-element-21b5289 e-flex e-con-boxed wpr-particle-no wpr-jarallax-no wpr-parallax-no wpr-sticky-section-no e-con e-parent\" data-id=\"21b5289\" data-element_type=\"container\">\n\t\t\t\t\t<div class=\"e-con-inner\">\n\t\t\t\t<div class=\"elementor-element elementor-element-6323f62 elementor-tabs-view-horizontal elementor-widget elementor-widget-tabs\" data-id=\"6323f62\" data-element_type=\"widget\" data-widget_type=\"tabs.default\">\n\t\t\t\t\t\t\t<div class=\"elementor-tabs\">\n\t\t\t<div class=\"elementor-tabs-wrapper\" role=\"tablist\" >\n\t\t\t\t\t\t\t\t\t<div id=\"elementor-tab-title-1031\" class=\"elementor-tab-title elementor-tab-desktop-title\" aria-selected=\"true\" data-tab=\"1\" role=\"tab\" tabindex=\"0\" aria-controls=\"elementor-tab-content-1031\" aria-expanded=\"false\">2013<\/div>\n\t\t\t\t\t\t\t\t\t<div id=\"elementor-tab-title-1032\" class=\"elementor-tab-title elementor-tab-desktop-title\" aria-selected=\"false\" data-tab=\"2\" role=\"tab\" tabindex=\"-1\" aria-controls=\"elementor-tab-content-1032\" aria-expanded=\"false\">2014<\/div>\n\t\t\t\t\t\t\t\t\t<div id=\"elementor-tab-title-1033\" class=\"elementor-tab-title elementor-tab-desktop-title\" aria-selected=\"false\" data-tab=\"3\" role=\"tab\" tabindex=\"-1\" aria-controls=\"elementor-tab-content-1033\" aria-expanded=\"false\">2015<\/div>\n\t\t\t\t\t\t\t\t\t<div id=\"elementor-tab-title-1034\" class=\"elementor-tab-title elementor-tab-desktop-title\" aria-selected=\"false\" data-tab=\"4\" role=\"tab\" tabindex=\"-1\" aria-controls=\"elementor-tab-content-1034\" aria-expanded=\"false\">2016<\/div>\n\t\t\t\t\t\t\t<\/div>\n\t\t\t<div class=\"elementor-tabs-content-wrapper\" role=\"tablist\" aria-orientation=\"vertical\">\n\t\t\t\t\t\t\t\t\t<div class=\"elementor-tab-title elementor-tab-mobile-title\" aria-selected=\"true\" data-tab=\"1\" role=\"tab\" tabindex=\"0\" aria-controls=\"elementor-tab-content-1031\" aria-expanded=\"false\">2013<\/div>\n\t\t\t\t\t<div id=\"elementor-tab-content-1031\" class=\"elementor-tab-content elementor-clearfix\" data-tab=\"1\" role=\"tabpanel\" aria-labelledby=\"elementor-tab-title-1031\" tabindex=\"0\" hidden=\"false\">Lorem ipsum dolor sit amet, consectetur adipiscing elit. Ut elit tellus, luctus nec ullamcorper mattis, pulvinar dapibus leo.<\/div>\n\t\t\t\t\t\t\t\t\t<div class=\"elementor-tab-title elementor-tab-mobile-title\" aria-selected=\"false\" data-tab=\"2\" role=\"tab\" tabindex=\"-1\" aria-controls=\"elementor-tab-content-1032\" aria-expanded=\"false\">2014<\/div>\n\t\t\t\t\t<div id=\"elementor-tab-content-1032\" class=\"elementor-tab-content elementor-clearfix\" data-tab=\"2\" role=\"tabpanel\" aria-labelledby=\"elementor-tab-title-1032\" tabindex=\"0\" hidden=\"hidden\">Lorem ipsum dolor sit amet, consectetur adipiscing elit. Ut elit tellus, luctus nec ullamcorper mattis, pulvinar dapibus leo.<\/div>\n\t\t\t\t\t\t\t\t\t<div class=\"elementor-tab-title elementor-tab-mobile-title\" aria-selected=\"false\" data-tab=\"3\" role=\"tab\" tabindex=\"-1\" aria-controls=\"elementor-tab-content-1033\" aria-expanded=\"false\">2015<\/div>\n\t\t\t\t\t<div id=\"elementor-tab-content-1033\" class=\"elementor-tab-content elementor-clearfix\" data-tab=\"3\" role=\"tabpanel\" aria-labelledby=\"elementor-tab-title-1033\" tabindex=\"0\" hidden=\"hidden\">Tab Content<\/div>\n\t\t\t\t\t\t\t\t\t<div class=\"elementor-tab-title elementor-tab-mobile-title\" aria-selected=\"false\" data-tab=\"4\" role=\"tab\" tabindex=\"-1\" aria-controls=\"elementor-tab-content-1034\" aria-expanded=\"false\">2016<\/div>\n\t\t\t\t\t<div id=\"elementor-tab-content-1034\" class=\"elementor-tab-content elementor-clearfix\" data-tab=\"4\" role=\"tabpanel\" aria-labelledby=\"elementor-tab-title-1034\" tabindex=\"0\" hidden=\"hidden\"><div id=\"menu2014\" class=\"tab-pane fade in active\"><p><strong>ARNALDO, C.; FREDERICO, M.;\u00a0<\/strong>DADE, A. \u201cTend\u00eancias e Factores Associados a Maternidade Precoce Em Mo\u00e7ambique\u201d. Comunica\u00e7\u00e3o apresentada na III Confer\u00eancia Internacional do Centro de Estudos Africanos da Universidade Eduardo Mondlane, Din\u00e2micas Sociais em \u00c1frica: rupturas e continuidades. Maputo, 19 e 20 de Novembro de 2014.<\/p><p><strong>ARNALDO, C.\u00a0<\/strong>&amp; HANSINE, R. \u201cDividendo Demogr\u00e1fico em Mo\u00e7ambique: oportunidades e desafios\u201d. Comunica\u00e7\u00e3o apresentada na IV Confer\u00eancia acad\u00e9mica internacional do IESE: \u201cEstado, Recursos Naturais e Conflito: Actores e Din\u00e2micas. Maputo 27-28 de Agosto de 2014.<\/p><p><strong>CHIZIANE, O.<\/strong>\u00a0\u201cRepresenta\u00e7\u00f5es Sociais sobre Sementes Melhoradas entre os Camponeses de Albazine no Munic\u00edpio de Maputo\u201d. Comunica\u00e7\u00e3o apresentada na III Confer\u00eancia Internacional do Centro de Estudos Africanos da Universidade Eduardo Mondlane, Din\u00e2micas Sociais em \u00c1frica: rupturas e continuidades. Maputo, 19 e 20 de Novembro de 2014.<\/p><p>L<strong>ANGA DA C\u00c2MARA, C.<\/strong>\u00a0\u201cAs implica\u00e7\u00f5es Sint\u00e1cticas da Co-ocorr\u00eancia das Extens\u00f5es Causativas e Aplicativas em Nyungue \u00e0 Luz do Principio de Espelho\u201d. Comunica\u00e7\u00e3o apresentada na III Confer\u00eancia Internacional do Centro de Estudos Africanos da Universidade Eduardo Mondlane, Din\u00e2micas Sociais em \u00c1frica: rupturas e continuidades. Maputo, 19 e 20 de Novembro de 2014.<\/p><p><strong>MALEANE, S.<\/strong>\u00a0\u201cTecnologia de Informa\u00e7\u00e3o e Comunica\u00e7\u00e3o como Meio de Inclus\u00e3o e Exclus\u00e3o no Ensino Superior\u201d. Comunica\u00e7\u00e3o apresentada na III Confer\u00eancia Internacional do Centro de Estudos Africanos da Universidade Eduardo Mondlane, Din\u00e2micas Sociais em \u00c1frica: rupturas e continuidades. Maputo, 19 e 20 de Novembro de 2014.<\/p><p><strong>MANJATE, T.<\/strong>\u00a0\u201cAs Dimens\u00f5es da Tradu\u00e7\u00e3o\u201d. Comunica\u00e7\u00e3o apresentada na III Confer\u00eancia Internacional do Centro de Estudos Africanos da Universidade Eduardo Mondlane, Din\u00e2micas Sociais em \u00c1frica: rupturas e continuidades. Maputo, 19 e 20 de Novembro de 2014.<\/p><p><strong>MATSINHE, C.<\/strong>\u00a0\u201cFugindo da Sina: exclus\u00e3o como factor de transforma\u00e7\u00e3o social\u201d. Comunica\u00e7\u00e3o apresentada na III Confer\u00eancia Internacional do Centro de Estudos Africanos da Universidade Eduardo Mondlane, Din\u00e2micas Sociais em \u00c1frica: rupturas e continuidades. Maputo, 19 e 20 de Novembro de 2014.<\/p><p><strong>MUTIUA, C.<\/strong>\u00a0\u201cIsl\u00e3o na Historiografia Mo\u00e7ambicana\u201d. Comunica\u00e7\u00e3o apresentada na III Confer\u00eancia Internacional do Centro de Estudos Africanos da Universidade Eduardo Mondlane, Din\u00e2micas Sociais em \u00c1frica: rupturas e continuidades. Maputo, 19 e 20 de Novembro de 2014.<\/p><p><strong>NGUNGA, A.<\/strong>\u00a0\u201cEduca\u00e7\u00e3o Monolingue em Pa\u00eds Multilingue como exemplo de Exclus\u00e3o Social: o caso de Mo\u00e7ambique\u201d. Comunica\u00e7\u00e3o apresentada na III Confer\u00eancia Internacional do Centro de Estudos Africanos da Universidade Eduardo Mondlane, Din\u00e2micas Sociais em \u00c1frica: rupturas e continuidades. Maputo, 19 e 20 de Novembro de 2014.<\/p><p><strong>NGUNGA, A. &amp; NHANTUMBO, N.<\/strong>\u00a0\u201cOs Prefixos das Classes 1 e 9 em Copi\u201d. Comunica\u00e7\u00e3o apresentada na III Confer\u00eancia Internacional do Centro de Estudos Africanos da Universidade Eduardo Mondlane, Din\u00e2micas Sociais em \u00c1frica: rupturas e continuidades. Maputo, 19 e 20 de Novembro de 2014.<\/p><p><strong>BAIA, A.<\/strong>\u00a0Nos Meandros da Pobreza Urbana: Consideracoes sobre a cidade de Maputo. In MANJATE, T.; BAVO, C. &amp; DIMANDE, E. (Orgs). Os Intelectuais Africanos Face aos Desafios do S\u00e9culo XXI, Actas da 2\u00aa Conferencia Internacional, em Mem\u00f3ria de Ruth First e por ocasi\u00e3o do 50\u00ba anivers\u00e1rio da Universidade Eduardo Mondlane. Maputo: Centro de Estudos Africanos. 2014.<\/p><p><strong>MANJATE, T.<\/strong>\u00a0A Representa\u00e7\u00e3o da Mulher nos Prov\u00e9rbios Tsonga e Macua-L\u00f3mw\u00e8: centro ou periferia? In Col\u00f3quio Interdisciplinar sobre Prov\u00e9rbios, Associa\u00e7\u00e3o Internacional de Paremiologia, Tavira. 2014.<\/p><p><strong>MANJATE, T<\/strong>. Para uma Reinven\u00e7\u00e3o do Conceito de Intelectual ou \u201cO Intelectual esquecido\u201d: o problema da \u00e9tica no campo dos saberes orais e tradicionais. In MANJATE, T.; BAVO, C. &amp; DIMANDE, E. (Orgs). Os Intelectuais Africanos Face aos Desafios do S\u00e9culo XXI, Actas da 2\u00aa Conferencia Internacional, em Mem\u00f3ria de Ruth First e por ocasi\u00e3o do 50\u00ba anivers\u00e1rio da Universidade Eduardo Mondlane. Maputo: Centro de Estudos Africanos. 2014.<\/p><p><strong>MANJATE, T.; BAVO, C. &amp; DIMANDE, E<\/strong>. Introdu\u00e7\u00e3o. In MANJATE, T.; BAVO, C. &amp; DIMANDE, E. (Orgs). Os Intelectuais Africanos Face aos Desafios do S\u00e9culo XXI, Actas da 2\u00aa Conferencia Internacional, em Mem\u00f3ria de Ruth First e por ocasi\u00e3o do 50\u00ba anivers\u00e1rio da Universidade Eduardo Mondlane. Maputo: Centro de Estudos Africanos. 2014.<\/p><p><strong>MAUNGUE, H<\/strong>. Jo\u00e3o Paulo: a possibilidade de uma leitura p\u00f3s-colonial e intelectual de um \u201cBlues Man\u201d. In MANJATE, T.; BAVO, C. &amp; DIMANDE, E. (Orgs). Os Intelectuais Africanos Face aos Desafios do S\u00e9culo XXI, Actas da 2\u00aa Conferencia Internacional, em Mem\u00f3ria de Ruth First e por ocasi\u00e3o do 50\u00ba anivers\u00e1rio da Universidade Eduardo Mondlane. Maputo: Centro de Estudos Africanos. 2014.<\/p><p><strong>MUTIUA, C<\/strong>., H. Mineiros, doen\u00e7as, comunidade e discurso colonial: o caso de Magude 1913-1930. In MANJATE, T.; BAVO, C. &amp; DIMANDE, E. (Orgs). Os Intelectuais Africanos Face aos Desafios do S\u00e9culo XXI, Actas da 2\u00aa Conferencia Internacional, em Mem\u00f3ria de Ruth First e por ocasi\u00e3o do 50\u00ba anivers\u00e1rio da Universidade Eduardo Mondlane. Maputo: Centro de Estudos Africanos. 2014.<\/p><p><strong>RANTALA, J<\/strong>. Raper Azagaia e suas Criticas: Debate sobre Mo\u00e7ambique. In MANJATE, T.; BAVO, C. &amp; DIMANDE, E. (Orgs). Os Intelectuais Africanos Face aos Desafios do S\u00e9culo XXI, Actas da 2\u00aa Conferencia Internacional, em Mem\u00f3ria de Ruth First e por ocasi\u00e3o do 50\u00ba anivers\u00e1rio da Universidade Eduardo Mondlane. Maputo: Centro de Estudos Africanos. 2014.<\/p><p><strong>NGUNGA, A. &amp; LANGA DA C\u00c2MARA, C<\/strong>. Descri\u00e7\u00e3o da Estrutura do Nome em Nyumgwe. In MANJATE, T.; BAVO, C. &amp; DIMANDE, E. (Orgs). Os Intelectuais Africanos Face aos Desafios do S\u00e9culo XXI, Actas da 2\u00aa Conferencia Internacional, em Mem\u00f3ria de Ruth First e por ocasi\u00e3o do 50\u00ba anivers\u00e1rio da Universidade Eduardo Mondlane. Maputo: Centro de Estudos Africanos. 2014.<\/p><\/div><div id=\"menu1\" class=\"tab-pane fade in active\"><p><strong>ARNALDO, C.<\/strong>\u00a0(2016). Demography of Armed Conflict in Africa: What Can we learn from African Censuses? Artigo apresentado no Workshop BIGSAS Crossing perspectives &#8211; crossing disciplinaries, 14-16 de Novembro, Universidade de Bayreuth. Bayreuth, Alemanha.<\/p><p><strong>ARNALDO, C\u00a0<\/strong>&amp; Cau, B. (2016). Trends and factors associated with adolescent childbearing in Mozambique: a multilevel analysis. Artigo apresentado no Family Demography In Africa and Post-2015 Development Agenda. 27 \u2013 29 de Junho, Johannesburg, Africa do Sul.<\/p><p><strong>DA C\u00c2MARA, C.<\/strong>\u00a0(2016). A Nega\u00e7\u00e3o em Nyungwe na confer\u00eancia sobre \u201cCultura, Linguagem e Modos de Vida Bantu\u201d, Universidade Pedag\u00f3gica, 30 e 31 de Agosto de 2016;<\/p><p><strong>DA C\u00c2MARA, C.<\/strong>\u00a0(2016). Fontes Orais: Pensando na Hist\u00f3ria de Luta de Liberta\u00e7\u00e3o Nacional nas \u2018L\u00ednguas Fonte\u2019 na Confer\u00eancia \u201cSamora Machel na Hist\u00f3ria: Mem\u00f3ria, Educa\u00e7\u00e3o e Cultura Popular\u201d &#8211; Fortaleza de Maputo; 28 e 29 de Outubro.<\/p><p><strong>FREDERICO, M, Arnaldo, C. &amp; Ma\u00fangue, H.<\/strong>\u00a0(2016). Adolescents\u2019 childbearing dynamics in urban Mozambique: a qualitative analysis in Maputo, Quelimane and Lichinga cities. Artigo apresentado no Family Demography In Africa and Post-2015 Development Agenda. 27 \u2013 29 de Junho, Johannesburg, Africa do Sul.<\/p><p><strong>MUTIUA, C.<\/strong>\u00a0(2016). ,\u201c Literacia Ajami, Classe e administra\u00e7\u00e3o pr\u00e9-colonial Portuguesa no Norte de Mo\u00e7ambique\u201d. IV Edi\u00e7\u00e3o do Semin\u00e1rio Hist\u00f3ria, Arquivos e Mem\u00f3rias, organizado pelo Arquivo Hist\u00f3rico de Mo\u00e7ambique, Maputo, 24 de Mar\u00e7o de 2016.<\/p><p><strong>MUTIUA, C.<\/strong>\u00a0(2016). ,\u201cFontes ajami do norte de Mo\u00e7ambique: um exemplo das influ\u00eancias das l\u00ednguas na investiga\u00e7\u00e3o hist\u00f3rica\u201d. VI Oficina de Hist\u00f3ria O papel das l\u00ednguas mo\u00e7ambicanas na investiga\u00e7\u00e3o e ensino de hist\u00f3ria, em Maputo, 29 de Maio de 2016.<\/p><p><strong>MUTIUA, C.<\/strong>\u00a0(2016). \u201cO \u2018Saber local\u2019 em busca de solu\u00e7\u00f5es \u2018tradicionais\u2019 para problemas \u2018modernos\u2019 nas sociedades costeiras de Cabo Delgado\u201d. Participou na IX Confer\u00eancia Cient\u00edfica da UEM, Maputo, 27 e 28 de Setembro de 2016.<\/p><p><strong>MUTIUA, C.<\/strong>\u00a0(2016). \u201cIntelectuais mu\u00e7ulmanos, Literacia Ajami e colonialismo em Mo\u00e7ambique: um olhar a partir de Quissanga, 1861 a 1893\u201d. XII Encontros com Hist\u00f3ria. Maputo, de 27 a 30 de Setembro de 2016.<\/p><p><strong>NGUNGA, A.<\/strong>\u00a0(2016). Topon\u00edmia e diversidade lingu\u00edstica em Mo\u00e7ambique, Apresentado na Confer\u00eancia Internacional sobre \u201cCultura, L\u00ednguas e Modos de Vida bantu\u201d. Maputo, FCLCA e FCSF da UP 30-31 de Agosto de 2016. NGUNGA, A. (2016). Educa\u00e7\u00e3o na l\u00edngua materna e o exerc\u00edcio de cidadania em Mo\u00e7ambique, Apresentado no Simp\u00f3sio \u201cMovimento de Re-significa\u00e7\u00e3o de P\u00e1tria, Identidade Nacional e Cidadania\u201d, Maputo, CEA &#8211; UEM, 1-2 Setembro, 2016. a)<\/p><\/div><\/div>\n\t\t\t\t\t\t\t<\/div>\n\t\t<\/div>\n\t\t\t\t\t\t<\/div>\n\t\t\t\t\t<\/div>\n\t\t\t\t<\/div>\n\t\t<div class=\"elementor-element elementor-element-2c367db e-flex e-con-boxed wpr-particle-no wpr-jarallax-no wpr-parallax-no wpr-sticky-section-no e-con e-parent\" data-id=\"2c367db\" data-element_type=\"container\">\n\t\t\t\t\t<div class=\"e-con-inner\">\n\t\t\t\t<div class=\"elementor-element elementor-element-04c1817 elementor-widget elementor-widget-spacer\" data-id=\"04c1817\" data-element_type=\"widget\" data-widget_type=\"spacer.default\">\n\t\t\t\t\t\t\t<div class=\"elementor-spacer\">\n\t\t\t<div class=\"elementor-spacer-inner\"><\/div>\n\t\t<\/div>\n\t\t\t\t\t\t<\/div>\n\t\t\t\t\t<\/div>\n\t\t\t\t<\/div>\n\t\t\t\t<\/div>\n\t\t","protected":false},"excerpt":{"rendered":"<p>Artigos de Conferencia 2013 2014 2015 2016 2013 Lorem ipsum dolor sit amet, consectetur adipiscing elit. Ut elit tellus, luctus nec ullamcorper mattis, pulvinar dapibus leo. 2014 Lorem ipsum dolor sit amet, consectetur adipiscing elit. Ut elit tellus, luctus nec ullamcorper mattis, pulvinar dapibus leo. 2015 Tab Content 2016 ARNALDO, C.; FREDERICO, M.;\u00a0DADE, A. \u201cTend\u00eancias e Factores Associados a Maternidade Precoce Em Mo\u00e7ambique\u201d. Comunica\u00e7\u00e3o apresentada na III Confer\u00eancia Internacional do Centro de Estudos Africanos da Universidade Eduardo Mondlane, Din\u00e2micas Sociais em \u00c1frica: rupturas e continuidades. Maputo, 19 e 20 de Novembro de 2014. ARNALDO, C.\u00a0&amp; HANSINE, R. \u201cDividendo Demogr\u00e1fico em Mo\u00e7ambique: oportunidades e desafios\u201d. Comunica\u00e7\u00e3o apresentada na IV Confer\u00eancia acad\u00e9mica internacional do IESE: \u201cEstado, Recursos Naturais e Conflito: Actores e Din\u00e2micas. Maputo 27-28 de Agosto de 2014. CHIZIANE, O.\u00a0\u201cRepresenta\u00e7\u00f5es Sociais sobre Sementes Melhoradas entre os Camponeses de Albazine no Munic\u00edpio de Maputo\u201d. Comunica\u00e7\u00e3o apresentada na III Confer\u00eancia Internacional do Centro de Estudos Africanos da Universidade Eduardo Mondlane, Din\u00e2micas Sociais em \u00c1frica: rupturas e continuidades. Maputo, 19 e 20 de Novembro de 2014. LANGA DA C\u00c2MARA, C.\u00a0\u201cAs implica\u00e7\u00f5es Sint\u00e1cticas da Co-ocorr\u00eancia das Extens\u00f5es Causativas e Aplicativas em Nyungue \u00e0 Luz do Principio de Espelho\u201d. Comunica\u00e7\u00e3o apresentada na III Confer\u00eancia Internacional do Centro de Estudos Africanos da Universidade Eduardo Mondlane, Din\u00e2micas Sociais em \u00c1frica: rupturas e continuidades. Maputo, 19 e 20 de Novembro de 2014. MALEANE, S.\u00a0\u201cTecnologia de Informa\u00e7\u00e3o e Comunica\u00e7\u00e3o como Meio de Inclus\u00e3o e Exclus\u00e3o no Ensino Superior\u201d. Comunica\u00e7\u00e3o apresentada na III Confer\u00eancia Internacional do Centro de Estudos Africanos da Universidade Eduardo Mondlane, Din\u00e2micas Sociais em \u00c1frica: rupturas e continuidades. Maputo, 19 e 20 de Novembro de 2014. MANJATE, T.\u00a0\u201cAs Dimens\u00f5es da Tradu\u00e7\u00e3o\u201d. Comunica\u00e7\u00e3o apresentada na III Confer\u00eancia Internacional do Centro de Estudos Africanos da Universidade Eduardo Mondlane, Din\u00e2micas Sociais em \u00c1frica: rupturas e continuidades. Maputo, 19 e 20 de Novembro de 2014. MATSINHE, C.\u00a0\u201cFugindo da Sina: exclus\u00e3o como factor de transforma\u00e7\u00e3o social\u201d. Comunica\u00e7\u00e3o apresentada na III Confer\u00eancia Internacional do Centro de Estudos Africanos da Universidade Eduardo Mondlane, Din\u00e2micas Sociais em \u00c1frica: rupturas e continuidades. Maputo, 19 e 20 de Novembro de 2014. MUTIUA, C.\u00a0\u201cIsl\u00e3o na Historiografia Mo\u00e7ambicana\u201d. Comunica\u00e7\u00e3o apresentada na III Confer\u00eancia Internacional do Centro de Estudos Africanos da Universidade Eduardo Mondlane, Din\u00e2micas Sociais em \u00c1frica: rupturas e continuidades. Maputo, 19 e 20 de Novembro de 2014. NGUNGA, A.\u00a0\u201cEduca\u00e7\u00e3o Monolingue em Pa\u00eds Multilingue como exemplo de Exclus\u00e3o Social: o caso de Mo\u00e7ambique\u201d. Comunica\u00e7\u00e3o apresentada na III Confer\u00eancia Internacional do Centro de Estudos Africanos da Universidade Eduardo Mondlane, Din\u00e2micas Sociais em \u00c1frica: rupturas e continuidades. Maputo, 19 e 20 de Novembro de 2014. NGUNGA, A. &amp; NHANTUMBO, N.\u00a0\u201cOs Prefixos das Classes 1 e 9 em Copi\u201d. Comunica\u00e7\u00e3o apresentada na III Confer\u00eancia Internacional do Centro de Estudos Africanos da Universidade Eduardo Mondlane, Din\u00e2micas Sociais em \u00c1frica: rupturas e continuidades. Maputo, 19 e 20 de Novembro de 2014. BAIA, A.\u00a0Nos Meandros da Pobreza Urbana: Consideracoes sobre a cidade de Maputo. In MANJATE, T.; BAVO, C. &amp; DIMANDE, E. (Orgs). Os Intelectuais Africanos Face aos Desafios do S\u00e9culo XXI, Actas da 2\u00aa Conferencia Internacional, em Mem\u00f3ria de Ruth First e por ocasi\u00e3o do 50\u00ba anivers\u00e1rio da Universidade Eduardo Mondlane. Maputo: Centro de Estudos Africanos. 2014. MANJATE, T.\u00a0A Representa\u00e7\u00e3o da Mulher nos Prov\u00e9rbios Tsonga e Macua-L\u00f3mw\u00e8: centro ou periferia? In Col\u00f3quio Interdisciplinar sobre Prov\u00e9rbios, Associa\u00e7\u00e3o Internacional de Paremiologia, Tavira. 2014. MANJATE, T. Para uma Reinven\u00e7\u00e3o do Conceito de Intelectual ou \u201cO Intelectual esquecido\u201d: o problema da \u00e9tica no campo dos saberes orais e tradicionais. In MANJATE, T.; BAVO, C. &amp; DIMANDE, E. (Orgs). Os Intelectuais Africanos Face aos Desafios do S\u00e9culo XXI, Actas da 2\u00aa Conferencia Internacional, em Mem\u00f3ria de Ruth First e por ocasi\u00e3o do 50\u00ba anivers\u00e1rio da Universidade Eduardo Mondlane. Maputo: Centro de Estudos Africanos. 2014. MANJATE, T.; BAVO, C. &amp; DIMANDE, E. Introdu\u00e7\u00e3o. In MANJATE, T.; BAVO, C. &amp; DIMANDE, E. (Orgs). Os Intelectuais Africanos Face aos Desafios do S\u00e9culo XXI, Actas da 2\u00aa Conferencia Internacional, em Mem\u00f3ria de Ruth First e por ocasi\u00e3o do 50\u00ba anivers\u00e1rio da Universidade Eduardo Mondlane. Maputo: Centro de Estudos Africanos. 2014. MAUNGUE, H. Jo\u00e3o Paulo: a possibilidade de uma leitura p\u00f3s-colonial e intelectual de um \u201cBlues Man\u201d. In MANJATE, T.; BAVO, C. &amp; DIMANDE, E. (Orgs). Os Intelectuais Africanos Face aos Desafios do S\u00e9culo XXI, Actas da 2\u00aa Conferencia Internacional, em Mem\u00f3ria de Ruth First e por ocasi\u00e3o do 50\u00ba anivers\u00e1rio da Universidade Eduardo Mondlane. Maputo: Centro de Estudos Africanos. 2014. MUTIUA, C., H. Mineiros, doen\u00e7as, comunidade e discurso colonial: o caso de Magude 1913-1930. In MANJATE, T.; BAVO, C. &amp; DIMANDE, E. (Orgs). Os Intelectuais Africanos Face aos Desafios do S\u00e9culo XXI, Actas da 2\u00aa Conferencia Internacional, em Mem\u00f3ria de Ruth First e por ocasi\u00e3o do 50\u00ba anivers\u00e1rio da Universidade Eduardo Mondlane. Maputo: Centro de Estudos Africanos. 2014. RANTALA, J. Raper Azagaia e suas Criticas: Debate sobre Mo\u00e7ambique. In MANJATE, T.; BAVO, C. &amp; DIMANDE, E. (Orgs). Os Intelectuais Africanos Face aos Desafios do S\u00e9culo XXI, Actas da 2\u00aa Conferencia Internacional, em Mem\u00f3ria de Ruth First e por ocasi\u00e3o do 50\u00ba anivers\u00e1rio da Universidade Eduardo Mondlane. Maputo: Centro de Estudos Africanos. 2014. NGUNGA, A. &amp; LANGA DA C\u00c2MARA, C. Descri\u00e7\u00e3o da Estrutura do Nome em Nyumgwe. In MANJATE, T.; BAVO, C. &amp; DIMANDE, E. (Orgs). Os Intelectuais Africanos Face aos Desafios do S\u00e9culo XXI, Actas da 2\u00aa Conferencia Internacional, em Mem\u00f3ria de Ruth First e por ocasi\u00e3o do 50\u00ba anivers\u00e1rio da Universidade Eduardo Mondlane. Maputo: Centro de Estudos Africanos. 2014. ARNALDO, C.\u00a0(2016). Demography of Armed Conflict in Africa: What Can we learn from African Censuses? Artigo apresentado no Workshop BIGSAS Crossing perspectives &#8211; crossing disciplinaries, 14-16 de Novembro, Universidade de Bayreuth. Bayreuth, Alemanha. ARNALDO, C\u00a0&amp; Cau, B. (2016). Trends and factors associated with adolescent childbearing in Mozambique: a multilevel analysis. Artigo apresentado no Family Demography In Africa and Post-2015 Development Agenda. 27 \u2013 29 de Junho, Johannesburg, Africa do Sul. DA C\u00c2MARA, C.\u00a0(2016). A Nega\u00e7\u00e3o em Nyungwe na confer\u00eancia sobre \u201cCultura, Linguagem e Modos de Vida Bantu\u201d, Universidade Pedag\u00f3gica, 30 e 31 de Agosto de 2016; DA C\u00c2MARA, C.\u00a0(2016). Fontes Orais: Pensando na<\/p>\n","protected":false},"author":1,"featured_media":0,"parent":0,"menu_order":0,"comment_status":"closed","ping_status":"closed","template":"","meta":{"site-sidebar-layout":"no-sidebar","site-content-layout":"","ast-site-content-layout":"full-width-container","site-content-style":"default","site-sidebar-style":"default","ast-global-header-display":"","ast-banner-title-visibility":"","ast-main-header-display":"","ast-hfb-above-header-display":"","ast-hfb-below-header-display":"","ast-hfb-mobile-header-display":"","site-post-title":"disabled","ast-breadcrumbs-content":"","ast-featured-img":"disabled","footer-sml-layout":"","theme-transparent-header-meta":"","adv-header-id-meta":"","stick-header-meta":"","header-above-stick-meta":"","header-main-stick-meta":"","header-below-stick-meta":"","astra-migrate-meta-layouts":"default","ast-page-background-enabled":"default","ast-page-background-meta":{"desktop":{"background-color":"var(--ast-global-color-5)","background-image":"","background-repeat":"repeat","background-position":"center center","background-size":"auto","background-attachment":"scroll","background-type":"","background-media":"","overlay-type":"","overlay-color":"","overlay-opacity":"","overlay-gradient":""},"tablet":{"background-color":"","background-image":"","background-repeat":"repeat","background-position":"center center","background-size":"auto","background-attachment":"scroll","background-type":"","background-media":"","overlay-type":"","overlay-color":"","overlay-opacity":"","overlay-gradient":""},"mobile":{"background-color":"","background-image":"","background-repeat":"repeat","background-position":"center center","background-size":"auto","background-attachment":"scroll","background-type":"","background-media":"","overlay-type":"","overlay-color":"","overlay-opacity":"","overlay-gradient":""}},"ast-content-background-meta":{"desktop":{"background-color":"var(--ast-global-color-4)","background-image":"","background-repeat":"repeat","background-position":"center center","background-size":"auto","background-attachment":"scroll","background-type":"","background-media":"","overlay-type":"","overlay-color":"","overlay-opacity":"","overlay-gradient":""},"tablet":{"background-color":"var(--ast-global-color-4)","background-image":"","background-repeat":"repeat","background-position":"center center","background-size":"auto","background-attachment":"scroll","background-type":"","background-media":"","overlay-type":"","overlay-color":"","overlay-opacity":"","overlay-gradient":""},"mobile":{"background-color":"var(--ast-global-color-4)","background-image":"","background-repeat":"repeat","background-position":"center center","background-size":"auto","background-attachment":"scroll","background-type":"","background-media":"","overlay-type":"","overlay-color":"","overlay-opacity":"","overlay-gradient":""}},"footnotes":""},"class_list":["post-83","page","type-page","status-publish","hentry"],"_links":{"self":[{"href":"https:\/\/cea.uem.mz\/index.php\/wp-json\/wp\/v2\/pages\/83","targetHints":{"allow":["GET"]}}],"collection":[{"href":"https:\/\/cea.uem.mz\/index.php\/wp-json\/wp\/v2\/pages"}],"about":[{"href":"https:\/\/cea.uem.mz\/index.php\/wp-json\/wp\/v2\/types\/page"}],"author":[{"embeddable":true,"href":"https:\/\/cea.uem.mz\/index.php\/wp-json\/wp\/v2\/users\/1"}],"replies":[{"embeddable":true,"href":"https:\/\/cea.uem.mz\/index.php\/wp-json\/wp\/v2\/comments?post=83"}],"version-history":[{"count":0,"href":"https:\/\/cea.uem.mz\/index.php\/wp-json\/wp\/v2\/pages\/83\/revisions"}],"wp:attachment":[{"href":"https:\/\/cea.uem.mz\/index.php\/wp-json\/wp\/v2\/media?parent=83"}],"curies":[{"name":"wp","href":"https:\/\/api.w.org\/{rel}","templated":true}]}}